{"id":67,"date":"2023-04-05T14:33:25","date_gmt":"2023-04-05T12:33:25","guid":{"rendered":"https:\/\/oficinaambiental.umh.es\/?page_id=67"},"modified":"2024-07-25T10:50:24","modified_gmt":"2024-07-25T08:50:24","slug":"directorio","status":"publish","type":"page","link":"https:\/\/oficinaambiental.umh.es\/en\/directorio\/","title":{"rendered":"Directory"},"content":{"rendered":"<p>According to the different Responsibility Profiles defined and the Personnel Fitxes, the Environmental and Sustainable Development Area is integrated by:<\/p>\n<ul>\n<li><strong>Pedro G. Vicente Quiles<\/strong>: Vicerrector de Infraestructuras. Responsable del \u00c1rea Ambiental y Desarrollo Sostenible.<\/li>\n<li><strong><a href=\"https:\/\/www.umh.es\/contenido\/Estudios\/:persona_111510\/datos_es.html\">Ram\u00f3n Peral Orts<\/a>:<\/strong>\u00a0Vicerrector Adjunto de Recursos Materiales. Responsable Adjunto\u00a0del \u00c1rea Ambiental y Desarrollo Sostenible.<\/li>\n<li><strong><a href=\"http:\/\/umh.es\/contenido\/Visitantes\/:persona_29833\/datos_es.html\" target=\"_blank\" rel=\"noopener\">Antonio Jose Guerrero Lucendo<\/a>:<\/strong>\u00a0Coordinador del \u00c1rea Ambiental y Desarrollo Sostenible y Personal T\u00e9cnico.<\/li>\n<li><strong><a href=\"https:\/\/www.umh.es\/contenido\/Universidad\/:persona_249852\/datos_es.html\">Mar Rold\u00e1n Romero<\/a>:<\/strong>\u00a0Personal T\u00e9cnico\u00a0del \u00c1rea Ambiental y Desarrollo Sostenible.<\/li>\n<li><strong>Jos\u00e9 Antonio D\u00edez Ram\u00edrez:<\/strong>\u00a0Personal en Formaci\u00f3n\u00a0del \u00c1rea Ambiental y Desarrollo Sostenible.<\/li>\n<li><strong>Estudiantes en Pr\u00e1cticas y Colaboradores Voluntarios<\/strong>: Formado por alumnos de Ciencias Ambientales y otras carreras de la UMH que apoyan y colaboran en las actividades del AAyDS, especialmente en el \u00e1mbito de la sensibilizaci\u00f3n ambiental.<\/li>\n<\/ul>\n<p>The organizational structure of the Environmental and Sustainable Development Area is detailed below:<br \/>\n<img loading=\"lazy\" class=\"aligncenter\" src=\"https:\/\/www.umhsostenible.com\/images\/categorias\/organigrama_aayds.png\" alt=\"organigrama aayds\" width=\"600\" height=\"337\" data-src=\"\/images\/categorias\/organigrama_aayds.png\" \/><\/p>","protected":false},"excerpt":{"rendered":"<p>According to the different Responsibility Profiles defined and the Personnel Fitxes, the Environmental and Sustainable Development Area is integrated by:<\/p>\n<p>Pedro G. Vicente Quiles: Vicerrector de Infraestructuras. Responsable del \u00c1rea Ambiental y Desarrollo Sostenible.<br \/>\nRam\u00f3n Peral Orts:\u00a0Vicerrector Adjunto de Recursos Materiales. Responsable Adjunto\u00a0del \u00c1rea Ambiental y Desarrollo Sostenible.<br \/>\nAntonio Jose Guerrero Lucendo:\u00a0Coordinador del \u00c1rea Ambiental y Desarrollo Sostenible [&#8230;]<\/p>\n","protected":false},"author":166,"featured_media":0,"parent":0,"menu_order":0,"comment_status":"closed","ping_status":"closed","template":"","meta":{"_links_to":"","_links_to_target":""},"_links":{"self":[{"href":"https:\/\/oficinaambiental.umh.es\/en\/wp-json\/wp\/v2\/pages\/67"}],"collection":[{"href":"https:\/\/oficinaambiental.umh.es\/en\/wp-json\/wp\/v2\/pages"}],"about":[{"href":"https:\/\/oficinaambiental.umh.es\/en\/wp-json\/wp\/v2\/types\/page"}],"author":[{"embeddable":true,"href":"https:\/\/oficinaambiental.umh.es\/en\/wp-json\/wp\/v2\/users\/166"}],"replies":[{"embeddable":true,"href":"https:\/\/oficinaambiental.umh.es\/en\/wp-json\/wp\/v2\/comments?post=67"}],"version-history":[{"count":0,"href":"https:\/\/oficinaambiental.umh.es\/en\/wp-json\/wp\/v2\/pages\/67\/revisions"}],"wp:attachment":[{"href":"https:\/\/oficinaambiental.umh.es\/en\/wp-json\/wp\/v2\/media?parent=67"}],"curies":[{"name":"wp","href":"https:\/\/api.w.org\/{rel}","templated":true}]}}